{"id":61,"date":"2017-10-09T14:53:48","date_gmt":"2017-10-09T12:53:48","guid":{"rendered":"http:\/\/hamburg.socialnetworx.de\/nesselhauf\/?page_id=61"},"modified":"2019-08-08T08:33:47","modified_gmt":"2019-08-08T06:33:47","slug":"medienbezogenes-arbeitsrecht","status":"publish","type":"page","link":"https:\/\/www.nesselhauf.com\/de_DE\/taetigkeitsfelder\/medien-und-presserecht\/medienbezogenes-arbeitsrecht\/","title":{"rendered":"Medienbezogenes Arbeitsrecht"},"content":{"rendered":"<p>Wir beraten Arbeitgeber und Arbeitnehmer aus der Medienbranche in arbeitsrechtlichen Fragen. Insbesondere helfen wir ihnen bei Abschluss und Aufhebung von Arbeitsvertr\u00e4gen und vertreten sie in arbeitsgerichtlichen Verfahren. Dar\u00fcber hinaus beraten wir im K\u00fcnstlersozialrecht.<\/p>\n","protected":false},"excerpt":{"rendered":"<p>Wir beraten Arbeitgeber und Arbeitnehmer aus der Medienbranche in arbeitsrechtlichen Fragen. Insbesondere helfen wir ihnen bei Abschluss und Aufhebung von Arbeitsvertr\u00e4gen und vertreten sie in arbeitsgerichtlichen Verfahren. Dar\u00fcber hinaus beraten wi&#8230;<\/p>\n","protected":false},"author":1,"featured_media":0,"parent":52,"menu_order":3,"comment_status":"closed","ping_status":"closed","template":"page-medien-presserecht.php","meta":[],"acf":[],"_links":{"self":[{"href":"https:\/\/www.nesselhauf.com\/de_DE\/wp-json\/wp\/v2\/pages\/61"}],"collection":[{"href":"https:\/\/www.nesselhauf.com\/de_DE\/wp-json\/wp\/v2\/pages"}],"about":[{"href":"https:\/\/www.nesselhauf.com\/de_DE\/wp-json\/wp\/v2\/types\/page"}],"author":[{"embeddable":true,"href":"https:\/\/www.nesselhauf.com\/de_DE\/wp-json\/wp\/v2\/users\/1"}],"replies":[{"embeddable":true,"href":"https:\/\/www.nesselhauf.com\/de_DE\/wp-json\/wp\/v2\/comments?post=61"}],"version-history":[{"count":4,"href":"https:\/\/www.nesselhauf.com\/de_DE\/wp-json\/wp\/v2\/pages\/61\/revisions"}],"predecessor-version":[{"id":247,"href":"https:\/\/www.nesselhauf.com\/de_DE\/wp-json\/wp\/v2\/pages\/61\/revisions\/247"}],"up":[{"embeddable":true,"href":"https:\/\/www.nesselhauf.com\/de_DE\/wp-json\/wp\/v2\/pages\/52"}],"wp:attachment":[{"href":"https:\/\/www.nesselhauf.com\/de_DE\/wp-json\/wp\/v2\/media?parent=61"}],"curies":[{"name":"wp","href":"https:\/\/api.w.org\/{rel}","templated":true}]}}